{"id":269,"date":"2020-02-01T22:11:29","date_gmt":"2020-02-01T22:11:29","guid":{"rendered":"http:\/\/gruene-dettelbach.de\/?page_id=269"},"modified":"2022-11-20T16:08:41","modified_gmt":"2022-11-20T16:08:41","slug":"kommunalwahl-2020","status":"publish","type":"page","link":"https:\/\/www.gruene-dettelbach-schwarzach.de\/?page_id=269","title":{"rendered":"Historie"},"content":{"rendered":"\n<h2 class=\"wp-block-heading\">Landtagswahl und Bezirktagswahl 2023<\/h2>\n\n\n\n<figure class=\"wp-block-image size-large\"><img loading=\"lazy\" decoding=\"async\" width=\"800\" height=\"600\" src=\"http:\/\/gruene-dettelbach.de\/wp-content\/uploads\/2022\/11\/IMG20221105171909-800x600.jpg\" alt=\"\" class=\"wp-image-480\" srcset=\"https:\/\/www.gruene-dettelbach-schwarzach.de\/wp-content\/uploads\/2022\/11\/IMG20221105171909-800x600.jpg 800w, https:\/\/www.gruene-dettelbach-schwarzach.de\/wp-content\/uploads\/2022\/11\/IMG20221105171909-400x300.jpg 400w, https:\/\/www.gruene-dettelbach-schwarzach.de\/wp-content\/uploads\/2022\/11\/IMG20221105171909-768x576.jpg 768w, https:\/\/www.gruene-dettelbach-schwarzach.de\/wp-content\/uploads\/2022\/11\/IMG20221105171909-1536x1152.jpg 1536w, https:\/\/www.gruene-dettelbach-schwarzach.de\/wp-content\/uploads\/2022\/11\/IMG20221105171909-2048x1536.jpg 2048w, https:\/\/www.gruene-dettelbach-schwarzach.de\/wp-content\/uploads\/2022\/11\/IMG20221105171909-150x113.jpg 150w\" sizes=\"auto, (max-width: 800px) 100vw, 800px\" \/><figcaption class=\"wp-element-caption\">Eva-Maria St\u00f6cklein und Wolfgang Lenhard &#8211; unsere Direktkandidat:innen f\u00fcr die Bezirkstags- und Landtagswahl im kommenden Jahr.<\/figcaption><\/figure>\n\n\n\n<p>Dettelbach wird bei den Bezirkstags- und Landtagswahlen im n\u00e4chsten Jahr eine wichtige Rolle spielen. Denn bei der gestrigen Aufstellungsversammlung von B\u00fcndnis 90\/Die Gr\u00fcnen im Wahlkreis Kitzingen\/Gerolzhofen wurden gleich zwei Dettelbacher Gr\u00fcne als Direktkandidat:innen f\u00fcr die Wahlen n\u00e4chstes Jahr nominiert: Die Feuerwehrfrau Eva-Maria St\u00f6cklein f\u00fcr den Bezirkstag und der Psychologe Prof. Dr. Wolfgang Lenhard f\u00fcr den Landtag.<\/p>\n\n\n\n<p>Eva-Maria schilderte in ihrer Bewerbungsrede die Schwierigkeiten, mit denen Eltern von Kindern mit Behinderung konfrontiert sind, wenn sie ihnen zustehende Hilfen auf Bezirksebene beantragen m\u00f6chten. Der Spie\u00dfrutenlauf endet nicht selten damit, dass viele Familien ersch\u00f6pft aufgeben, ohne die notwendigen Unterst\u00fctzungen zu erhalten. Mit ihrer ber\u00fchrenden Rede sorgte Eva-Maria sogar bei einigen der Anwesenden f\u00fcr G\u00e4nsehaut. Zurecht erhielt sie anschlie\u00dfend 100 % der Stimmen.<\/p>\n\n\n\n<p>Wolfgang machte deutlich, dass wir in Zukunft nicht mehr nur die Auswirkungen gesellschaftlicher Krisen managen d\u00fcrfen. Stattdessen m\u00fcsse effektive Politik vorausschauend agieren. Dies gelte sowohl beim Ausbau erneuerbarer Energien und zugeh\u00f6riger Speicher als auch bei der Anpassung an Extremwetterlagen wie \u00dcberschwemmungen oder Hitzeperioden. Gerade in unserem l\u00e4ndlichen Raum finde in den immer trockener werdenden Sommern bereits ein erheblicher Kampf um Wasserresourchen statt. Neben der Entsiegelung der B\u00f6den fordert Wolfgang deshalb auch vorausschauende Pl\u00e4ne zur fairen Verteilung von Grundwasser. Vor allem liegt ihm aber auch ein leistungsf\u00e4higes Bildungssystem am Herzen. Denn dieses stellt den Schl\u00fcssel sowohl f\u00fcr die Bew\u00e4ltigung des demografisch bedingten Fachkr\u00e4ftemangels als auch f\u00fcr die Integration von Menschen mit anderem kulturellem und sprachlichem Hintergrund dar. \u201eWir k\u00f6nnen uns geschlechts- und herkunftsbedingte Benachteiligungen nicht leisten. Niemand darf verloren gehen. Alle werden gebraucht.\u201c Der Mann f\u00fcr\u2019s Bierzelt ist Wolfgang nicht, wie er unumwunden zugab. Im \u201eDirndl\u201c werde man ihn nicht antreffen \u2013 daf\u00fcr aber bei der unideologischen und faktenbasierten Auseinandersetzung mit den politischen Gegnern. Auch er erhielt nach seiner starken Rede zu Zustimmung von 100 % aller Abstimmungsberechtigten im Saal.<\/p>\n\n\n\n<p>Mit Eva-Maria und Wolfgang stellen die Dettelbacher Gr\u00fcnen damit ein engagiertes, sympathisches und authentisches Duo f\u00fcr die Bezirks- und Landtagswahlen 2023, das sicherlich in der Lage sein wird, eine gro\u00dfe W\u00e4hlergruppe anzusprechen.<\/p>\n\n\n\n<p><\/p>\n\n\n\n<h2 class=\"wp-block-heading\">Kommunalwahl 2020<\/h2>\n\n\n\n<h2 class=\"wp-block-heading\"><mark style=\"background-color:rgba(0, 0, 0, 0);color:#00a32e\" class=\"has-inline-color\"><strong>Unser GR\u00dcNER Faden f\u00fcr Dettelbach!<\/strong><\/mark><\/h2>\n\n\n\n<figure class=\"wp-block-image size-full\"><img loading=\"lazy\" decoding=\"async\" width=\"2560\" height=\"1649\" src=\"http:\/\/gruene-dettelbach.de\/wp-content\/uploads\/2020\/02\/Der-gr\u00fcne-Faden-Gruppenbild-scaled.jpg\" alt=\"\" class=\"wp-image-304\" srcset=\"https:\/\/www.gruene-dettelbach-schwarzach.de\/wp-content\/uploads\/2020\/02\/Der-gr\u00fcne-Faden-Gruppenbild-scaled.jpg 2560w, https:\/\/www.gruene-dettelbach-schwarzach.de\/wp-content\/uploads\/2020\/02\/Der-gr\u00fcne-Faden-Gruppenbild-400x258.jpg 400w, https:\/\/www.gruene-dettelbach-schwarzach.de\/wp-content\/uploads\/2020\/02\/Der-gr\u00fcne-Faden-Gruppenbild-800x515.jpg 800w, https:\/\/www.gruene-dettelbach-schwarzach.de\/wp-content\/uploads\/2020\/02\/Der-gr\u00fcne-Faden-Gruppenbild-768x495.jpg 768w, https:\/\/www.gruene-dettelbach-schwarzach.de\/wp-content\/uploads\/2020\/02\/Der-gr\u00fcne-Faden-Gruppenbild-1536x989.jpg 1536w, https:\/\/www.gruene-dettelbach-schwarzach.de\/wp-content\/uploads\/2020\/02\/Der-gr\u00fcne-Faden-Gruppenbild-2048x1319.jpg 2048w, https:\/\/www.gruene-dettelbach-schwarzach.de\/wp-content\/uploads\/2020\/02\/Der-gr\u00fcne-Faden-Gruppenbild-150x97.jpg 150w\" sizes=\"auto, (max-width: 2560px) 100vw, 2560px\" \/><figcaption class=\"wp-element-caption\"> \u00a9 Fotostudio Blickfang\/Dettelbach<\/figcaption><\/figure>\n\n\n\n<p class=\"has-small-font-size\">Urspr\u00fcnglich stand auf Platz 4 unser Freund und Sprecher des Dettelbacher Ortsverbandes, Heinz Sanwald. V\u00f6llig unerwartet und f\u00fcr uns alle noch immer unbegreiflich ist Heinz am 14. Januar 2020 verstorben. Seine Leidenschaft und Energie, sein gro\u00dfer Wunsch, gr\u00fcne Politik in Dettelbach zu etablieren ist unser Antrieb, dort weiterzumachen, wo er aufh\u00f6ren musste. Der Stuhl auf unserem Gruppenbild ist das Symbol daf\u00fcr, dass wir acht Kandidat*innen h\u00e4tten sein sollen. Wir haben die Skulptur \u201eDenkr\u00e4ume\u201c von Roger Bischoff auch deshalb f\u00fcr unser Foto gew\u00e4hlt, weil der Skulpturenpark f\u00fcr Heinz eine gro\u00dfe Bedeutung hatte.  <\/p>\n\n\n\n<div style=\"height:31px\" aria-hidden=\"true\" class=\"wp-block-spacer\"><\/div>\n\n\n\n<p style=\"font-size:clamp(14px, 0.875rem + ((1vw - 3.2px) * 0.455), 18px);px\"><strong>Vor vierzig Jahren sa\u00dfen die ersten GR\u00dcNEN strickend im bayerischen Landtag \u2013 wir Dettelbacher GR\u00dcNE haben uns nun f\u00fcr die Kommunalwahl 2020 auf einen einzigen Faden konzentriert: den GR\u00dcNEN Faden f\u00fcr Dettelbach! Mit ihm m\u00f6chten wir zeigen, dass unsere Ziele aufeinander aufbauen und miteinander verkn\u00fcpft sind. Egal ob es darum geht, die Natur um uns herum zu sch\u00fctzen, alte H\u00e4user mit Leben zu f\u00fcllen oder gemeinsam ein zeitgem\u00e4\u00dfes Mobilit\u00e4tskonzept zu erarbeiten: all diese Ziele verbindet unser Wunsch nach einem \u00f6kologischen und sozialen Miteinander.<\/strong><\/p>\n\n\n\n<div style=\"height:20px\" aria-hidden=\"true\" class=\"wp-block-spacer\"><\/div>\n\n\n\n<p><\/p>\n\n\n\n<div class=\"wp-block-media-text alignwide is-stacked-on-mobile\" style=\"grid-template-columns:31% auto\"><figure class=\"wp-block-media-text__media\"><img loading=\"lazy\" decoding=\"async\" width=\"420\" height=\"370\" src=\"http:\/\/gruene-dettelbach.de\/wp-content\/uploads\/2020\/02\/vielf\u00e4ltig.png\" alt=\"\" class=\"wp-image-270 size-full\" srcset=\"https:\/\/www.gruene-dettelbach-schwarzach.de\/wp-content\/uploads\/2020\/02\/vielf\u00e4ltig.png 420w, https:\/\/www.gruene-dettelbach-schwarzach.de\/wp-content\/uploads\/2020\/02\/vielf\u00e4ltig-400x352.png 400w, https:\/\/www.gruene-dettelbach-schwarzach.de\/wp-content\/uploads\/2020\/02\/vielf\u00e4ltig-150x132.png 150w\" sizes=\"auto, (max-width: 420px) 100vw, 420px\" \/><\/figure><div class=\"wp-block-media-text__content\">\n<p style=\"font-size:clamp(14px, 0.875rem + ((1vw - 3.2px) * 0.455), 18px);px\"><strong>GR\u00dcN &amp; VIELF\u00c4LTIG:<\/strong> Wir wollen die Artenvielfalt und den Schutz unserer Natur als gemeinsame kommunale, b\u00fcrgerliche und landwirtschaftliche Aufgabe verstehen und f\u00f6rdern. Darum m\u00f6chten wir uns daf\u00fcr einsetzen, die wertvolle Arbeit, die unsere Naturschutzverb\u00e4nde als fachliche und tatkr\u00e4ftige Multiplikatoren leisten, zu unterst\u00fctzen. Lasst uns gemeinsam anpacken, was uns alle angeht!  <\/p>\n<\/div><\/div>\n\n\n\n<p><\/p>\n\n\n\n<div class=\"wp-block-media-text alignwide is-stacked-on-mobile\" style=\"grid-template-columns:31% auto\"><figure class=\"wp-block-media-text__media\"><img loading=\"lazy\" decoding=\"async\" width=\"420\" height=\"370\" src=\"http:\/\/gruene-dettelbach.de\/wp-content\/uploads\/2020\/02\/nachhaltig.png\" alt=\"\" class=\"wp-image-271 size-full\" srcset=\"https:\/\/www.gruene-dettelbach-schwarzach.de\/wp-content\/uploads\/2020\/02\/nachhaltig.png 420w, https:\/\/www.gruene-dettelbach-schwarzach.de\/wp-content\/uploads\/2020\/02\/nachhaltig-400x352.png 400w, https:\/\/www.gruene-dettelbach-schwarzach.de\/wp-content\/uploads\/2020\/02\/nachhaltig-150x132.png 150w\" sizes=\"auto, (max-width: 420px) 100vw, 420px\" \/><\/figure><div class=\"wp-block-media-text__content\">\n<p style=\"font-size:clamp(14px, 0.875rem + ((1vw - 3.2px) * 0.455), 18px);px\"><strong>GR\u00dcN &amp; NACHHALTIG:<\/strong> Eines der Themen, die uns alle angehen, ist auch die Klimakrise, denn die ist l\u00e4ngst in Deutschland und auch bei uns in Unterfranken angekommen. H\u00f6chste Zeit also, ein zukunftsf\u00e4higes Energiekonzept vorzulegen! Wir sind bereit, gemeinsam mit Euch und f\u00fcr Euch daran zu arbeiten, dass Dettelbach in puncto Energieerzeugung klimaneutral wird.  <\/p>\n<\/div><\/div>\n\n\n\n<p><\/p>\n\n\n\n<div class=\"wp-block-media-text alignwide is-stacked-on-mobile\" style=\"grid-template-columns:31% auto\"><figure class=\"wp-block-media-text__media\"><img loading=\"lazy\" decoding=\"async\" width=\"420\" height=\"370\" src=\"http:\/\/gruene-dettelbach.de\/wp-content\/uploads\/2020\/02\/regional.png\" alt=\"\" class=\"wp-image-272 size-full\" srcset=\"https:\/\/www.gruene-dettelbach-schwarzach.de\/wp-content\/uploads\/2020\/02\/regional.png 420w, https:\/\/www.gruene-dettelbach-schwarzach.de\/wp-content\/uploads\/2020\/02\/regional-400x352.png 400w, https:\/\/www.gruene-dettelbach-schwarzach.de\/wp-content\/uploads\/2020\/02\/regional-150x132.png 150w\" sizes=\"auto, (max-width: 420px) 100vw, 420px\" \/><\/figure><div class=\"wp-block-media-text__content\">\n<p style=\"font-size:clamp(14px, 0.875rem + ((1vw - 3.2px) * 0.455), 18px);px\"><strong>GR\u00dcN &amp; REGIONAL:<\/strong> Auch die Unterst\u00fctzung der regionalen \u00f6kologischen Landwirtschaft tr\u00e4gt zum Schutz unserer Umwelt, unseres Klimas und unserer Ressourcen bei. Die Wertsch\u00e4tzung regionaler Produkte und der pers\u00f6nliche Kontakt schaffen Transparenz und k\u00f6nnen das Bewusstsein f\u00fcr die Interessen unserer Landwirte wieder st\u00e4rken. Darum wollen wir die \u00f6kologischen Erzeuger vor Ort st\u00e4rken. <\/p>\n<\/div><\/div>\n\n\n\n<p><\/p>\n\n\n\n<div class=\"wp-block-media-text alignwide is-stacked-on-mobile\" style=\"grid-template-columns:31% auto\"><figure class=\"wp-block-media-text__media\"><img loading=\"lazy\" decoding=\"async\" width=\"420\" height=\"370\" src=\"http:\/\/gruene-dettelbach.de\/wp-content\/uploads\/2020\/02\/mobil.png\" alt=\"\" class=\"wp-image-273 size-full\" srcset=\"https:\/\/www.gruene-dettelbach-schwarzach.de\/wp-content\/uploads\/2020\/02\/mobil.png 420w, https:\/\/www.gruene-dettelbach-schwarzach.de\/wp-content\/uploads\/2020\/02\/mobil-400x352.png 400w, https:\/\/www.gruene-dettelbach-schwarzach.de\/wp-content\/uploads\/2020\/02\/mobil-150x132.png 150w\" sizes=\"auto, (max-width: 420px) 100vw, 420px\" \/><\/figure><div class=\"wp-block-media-text__content\">\n<p style=\"font-size:clamp(14px, 0.875rem + ((1vw - 3.2px) * 0.455), 18px);px\"><strong>GR\u00dcN &amp; MOBIL:<\/strong> Doch wie soll man regional einkaufen, wenn man nicht vom Fleck kommt? Wir m\u00f6chten Dettelbach und seine Ortsteile besser aneinander anbinden und neben einem umweltfreundlichen, kosteng\u00fcnstigen \u00f6ffentlichen Personennahverkehr auch alternative Konzepte anbieten. Dar\u00fcber hinaus m\u00f6chten wir das Radwegenetz in und um die Dettelbacher D\u00f6rfer endlich ausbauen. <\/p>\n<\/div><\/div>\n\n\n\n<p><\/p>\n\n\n\n<div class=\"wp-block-media-text alignwide is-stacked-on-mobile\" style=\"grid-template-columns:31% auto\"><figure class=\"wp-block-media-text__media\"><img loading=\"lazy\" decoding=\"async\" width=\"420\" height=\"370\" src=\"http:\/\/gruene-dettelbach.de\/wp-content\/uploads\/2020\/02\/attraktiv.png\" alt=\"\" class=\"wp-image-274 size-full\" srcset=\"https:\/\/www.gruene-dettelbach-schwarzach.de\/wp-content\/uploads\/2020\/02\/attraktiv.png 420w, https:\/\/www.gruene-dettelbach-schwarzach.de\/wp-content\/uploads\/2020\/02\/attraktiv-400x352.png 400w, https:\/\/www.gruene-dettelbach-schwarzach.de\/wp-content\/uploads\/2020\/02\/attraktiv-150x132.png 150w\" sizes=\"auto, (max-width: 420px) 100vw, 420px\" \/><\/figure><div class=\"wp-block-media-text__content\">\n<p style=\"font-size:clamp(14px, 0.875rem + ((1vw - 3.2px) * 0.455), 18px);px\"><strong>GR\u00dcN &amp; ATTRAKTIV: <\/strong>Wer in Dettelbach ankommt, m\u00f6chte auch wissen, was es zu sehen gibt. Mit Skulpturenpark, historischem Stadtkern, Wanderwegen und dem Main haben Dettelbach und seine D\u00f6rfer einiges zu bieten. Dieses kulturelle Angebot m\u00f6chten wir ausbauen und noch besser erlebbar machen, etwa durch Fu\u00dfg\u00e4nger\u00fcberwege und Schilder, die einen sicheren Weg zum Mainufer weisen. <\/p>\n<\/div><\/div>\n\n\n\n<p><\/p>\n\n\n\n<div class=\"wp-block-media-text alignwide is-stacked-on-mobile\" style=\"grid-template-columns:31% auto\"><figure class=\"wp-block-media-text__media\"><img loading=\"lazy\" decoding=\"async\" width=\"420\" height=\"370\" src=\"http:\/\/gruene-dettelbach.de\/wp-content\/uploads\/2020\/02\/lebendig.png\" alt=\"\" class=\"wp-image-275 size-full\" srcset=\"https:\/\/www.gruene-dettelbach-schwarzach.de\/wp-content\/uploads\/2020\/02\/lebendig.png 420w, https:\/\/www.gruene-dettelbach-schwarzach.de\/wp-content\/uploads\/2020\/02\/lebendig-400x352.png 400w, https:\/\/www.gruene-dettelbach-schwarzach.de\/wp-content\/uploads\/2020\/02\/lebendig-150x132.png 150w\" sizes=\"auto, (max-width: 420px) 100vw, 420px\" \/><\/figure><div class=\"wp-block-media-text__content\">\n<p style=\"font-size:clamp(14px, 0.875rem + ((1vw - 3.2px) * 0.455), 18px);px\"><strong>GR\u00dcN &amp; LEBENDIG:<\/strong> Die historische Altstadt und die Ortskerne der umliegenden D\u00f6rfer sind wahre Kleinode und haben alle ihren eigenen Charakter. Damit Alt- und Neub\u00fcrger auch in Zukunft gerne hier leben, m\u00f6chten wir eine klare und b\u00fcrgernahe Anlaufstelle f\u00fcr alle schaffen, die ein altes und m\u00f6glicherweise denkmalgesch\u00fctztes Haus sanieren und mit Leben f\u00fcllen m\u00f6chten. <\/p>\n<\/div><\/div>\n\n\n\n<p><\/p>\n\n\n\n<div class=\"wp-block-media-text alignwide is-stacked-on-mobile\" style=\"grid-template-columns:31% auto\"><figure class=\"wp-block-media-text__media\"><img loading=\"lazy\" decoding=\"async\" width=\"420\" height=\"370\" src=\"http:\/\/gruene-dettelbach.de\/wp-content\/uploads\/2020\/02\/f\u00fcr-alle.png\" alt=\"\" class=\"wp-image-276 size-full\" srcset=\"https:\/\/www.gruene-dettelbach-schwarzach.de\/wp-content\/uploads\/2020\/02\/f\u00fcr-alle.png 420w, https:\/\/www.gruene-dettelbach-schwarzach.de\/wp-content\/uploads\/2020\/02\/f\u00fcr-alle-400x352.png 400w, https:\/\/www.gruene-dettelbach-schwarzach.de\/wp-content\/uploads\/2020\/02\/f\u00fcr-alle-150x132.png 150w\" sizes=\"auto, (max-width: 420px) 100vw, 420px\" \/><\/figure><div class=\"wp-block-media-text__content\">\n<p style=\"font-size:clamp(14px, 0.875rem + ((1vw - 3.2px) * 0.455), 18px);px\"><strong>GR\u00dcN F\u00dcR ALLE! <\/strong>In Dettelbach sind viele Generationen vertreten \u2013 und wir m\u00f6chten, dass sich alle wohlf\u00fchlen! Darum m\u00f6chten wir die Stadt und ihre D\u00f6rfer familienfreundlicher machen: Spielpl\u00e4tze naturnah und mit kindgerechtem Erlebniswert anlegen, Wege f\u00fcr Sch\u00fcler, Senioren und gehbeeintr\u00e4chtigte Menschen sicherer gestalten und noch mehr generationen\u00fcbergreifende Angebote schaffen. <\/p>\n<\/div><\/div>\n\n\n\n<p class=\"has-small-font-size\"><\/p>\n","protected":false},"excerpt":{"rendered":"<p>Landtagswahl und Bezirktagswahl 2023 Dettelbach wird bei den Bezirkstags- und Landtagswahlen im n\u00e4chsten Jahr eine wichtige Rolle spielen. Denn bei der gestrigen Aufstellungsversammlung von B\u00fcndnis 90\/Die Gr\u00fcnen im Wahlkreis Kitzingen\/Gerolzhofen [&hellip;]<\/p>\n","protected":false},"author":4,"featured_media":0,"parent":0,"menu_order":0,"comment_status":"closed","ping_status":"closed","template":"","meta":{"footnotes":""},"class_list":["post-269","page","type-page","status-publish","hentry"],"_links":{"self":[{"href":"https:\/\/www.gruene-dettelbach-schwarzach.de\/index.php?rest_route=\/wp\/v2\/pages\/269","targetHints":{"allow":["GET"]}}],"collection":[{"href":"https:\/\/www.gruene-dettelbach-schwarzach.de\/index.php?rest_route=\/wp\/v2\/pages"}],"about":[{"href":"https:\/\/www.gruene-dettelbach-schwarzach.de\/index.php?rest_route=\/wp\/v2\/types\/page"}],"author":[{"embeddable":true,"href":"https:\/\/www.gruene-dettelbach-schwarzach.de\/index.php?rest_route=\/wp\/v2\/users\/4"}],"replies":[{"embeddable":true,"href":"https:\/\/www.gruene-dettelbach-schwarzach.de\/index.php?rest_route=%2Fwp%2Fv2%2Fcomments&post=269"}],"version-history":[{"count":31,"href":"https:\/\/www.gruene-dettelbach-schwarzach.de\/index.php?rest_route=\/wp\/v2\/pages\/269\/revisions"}],"predecessor-version":[{"id":510,"href":"https:\/\/www.gruene-dettelbach-schwarzach.de\/index.php?rest_route=\/wp\/v2\/pages\/269\/revisions\/510"}],"wp:attachment":[{"href":"https:\/\/www.gruene-dettelbach-schwarzach.de\/index.php?rest_route=%2Fwp%2Fv2%2Fmedia&parent=269"}],"curies":[{"name":"wp","href":"https:\/\/api.w.org\/{rel}","templated":true}]}}