{"id":1164,"date":"2025-11-24T20:07:14","date_gmt":"2025-11-24T20:07:14","guid":{"rendered":"https:\/\/www.gruene-dettelbach-schwarzach.de\/?page_id=1164"},"modified":"2026-01-13T18:57:06","modified_gmt":"2026-01-13T18:57:06","slug":"unser-angebot-fuer-schwarzach","status":"publish","type":"page","link":"https:\/\/www.gruene-dettelbach-schwarzach.de\/?page_id=1164","title":{"rendered":"Unser Angebot f\u00fcr Schwarzach"},"content":{"rendered":"\n<p>Jede Kandidatin und jeder Kandidat steht f\u00fcr individuelle Erfahrungen, frische Ideen und das gemeinsame Ziel: ein zukunftsf\u00e4higes und lebenswertes Schwarzach. Gemeinsam \u2013 \u00fcber die Wahl hinaus \u2013 wollen wir Verantwortung \u00fcbernehmen und unsere Gemeinde weiterentwickeln.<\/p>\n\n\n\n<p><\/p>\n\n\n\n<div class=\"wp-block-columns is-layout-flex wp-container-core-columns-is-layout-9d6595d7 wp-block-columns-is-layout-flex\">\n<div class=\"wp-block-column is-layout-flow wp-block-column-is-layout-flow\" style=\"flex-basis:33.33%\">\n<figure class=\"wp-block-image size-large\"><img loading=\"lazy\" decoding=\"async\" width=\"800\" height=\"1000\" src=\"https:\/\/www.gruene-dettelbach-schwarzach.de\/wp-content\/uploads\/2025\/11\/Nicole-800x1000.png\" alt=\"\" class=\"wp-image-1171\" srcset=\"https:\/\/www.gruene-dettelbach-schwarzach.de\/wp-content\/uploads\/2025\/11\/Nicole-800x1000.png 800w, https:\/\/www.gruene-dettelbach-schwarzach.de\/wp-content\/uploads\/2025\/11\/Nicole-400x500.png 400w, https:\/\/www.gruene-dettelbach-schwarzach.de\/wp-content\/uploads\/2025\/11\/Nicole-768x960.png 768w, https:\/\/www.gruene-dettelbach-schwarzach.de\/wp-content\/uploads\/2025\/11\/Nicole.png 1080w\" sizes=\"auto, (max-width: 800px) 100vw, 800px\" \/><\/figure>\n<\/div>\n\n\n\n<div class=\"wp-block-column is-layout-flow wp-block-column-is-layout-flow\" style=\"flex-basis:66.66%\">\n<p>Listenplatz 1:<\/p>\n\n\n\n<p><strong>Nicole Skubich<\/strong><\/p>\n\n\n\n<p>31 Jahre<br>Stadtschwarzach<\/p>\n\n\n\n<p>Ballettp\u00e4dagogin<\/p>\n\n\n\n<p><strong><strong>\u201e<\/strong><\/strong>I<strong>ch kandidiere f\u00fcr ein Schwarzach, das alle Generationen mitdenkt. Besonders Kinder und Jugendliche sollen eine starke Stimme bekommen. Generationengerechte Politik bedeutet f\u00fcr mich: Entscheidungen sollen nicht nur kurzfristig wirken, sondern auch die Zukunft nachhaltig gestalten. Gemeinsam f\u00fcr eine Gemeinde, in der niemand \u00fcbersehen wird.&#8220;<\/strong><\/p>\n<\/div>\n<\/div>\n\n\n\n<p><\/p>\n\n\n\n<div class=\"wp-block-columns is-layout-flex wp-container-core-columns-is-layout-9d6595d7 wp-block-columns-is-layout-flex\">\n<div class=\"wp-block-column is-layout-flow wp-block-column-is-layout-flow\" style=\"flex-basis:33.33%\">\n<figure class=\"wp-block-image size-large\"><img loading=\"lazy\" decoding=\"async\" width=\"800\" height=\"1198\" src=\"https:\/\/www.gruene-dettelbach-schwarzach.de\/wp-content\/uploads\/2025\/11\/Manfred-frontal-800x1198.jpg\" alt=\"Kandidat Manfred Ursprung\" class=\"wp-image-1168\" srcset=\"https:\/\/www.gruene-dettelbach-schwarzach.de\/wp-content\/uploads\/2025\/11\/Manfred-frontal-800x1198.jpg 800w, https:\/\/www.gruene-dettelbach-schwarzach.de\/wp-content\/uploads\/2025\/11\/Manfred-frontal-400x600.jpg 400w, https:\/\/www.gruene-dettelbach-schwarzach.de\/wp-content\/uploads\/2025\/11\/Manfred-frontal-768x1150.jpg 768w, https:\/\/www.gruene-dettelbach-schwarzach.de\/wp-content\/uploads\/2025\/11\/Manfred-frontal-1025x1536.jpg 1025w, https:\/\/www.gruene-dettelbach-schwarzach.de\/wp-content\/uploads\/2025\/11\/Manfred-frontal-1367x2048.jpg 1367w, https:\/\/www.gruene-dettelbach-schwarzach.de\/wp-content\/uploads\/2025\/11\/Manfred-frontal-scaled.jpg 1709w\" sizes=\"auto, (max-width: 800px) 100vw, 800px\" \/><\/figure>\n<\/div>\n\n\n\n<div class=\"wp-block-column is-layout-flow wp-block-column-is-layout-flow\" style=\"flex-basis:66.66%\">\n<p>Listenplatz 2<\/p>\n\n\n\n<p><strong>Manfred Ursprung<\/strong><\/p>\n\n\n\n<p>66 Jahre <br>Gerlachshausen<\/p>\n\n\n\n<p>Softwareentwickler<\/p>\n\n\n\n<p><strong><strong>\u201e<\/strong>Ich m\u00f6chte, dass meine Kinder und Enkelkinder noch eine lebenswerte  Welt vorfinden in Freiheit, mit gleichen Chancen f\u00fcr alle und sie in einer offenen, einer weltoffenen Gesellschaft leben in der man sich mit Empathie begegnet.&#8220;<\/strong><\/p>\n<\/div>\n<\/div>\n\n\n\n<p><\/p>\n\n\n\n<div class=\"wp-block-columns is-layout-flex wp-container-core-columns-is-layout-9d6595d7 wp-block-columns-is-layout-flex\">\n<div class=\"wp-block-column is-layout-flow wp-block-column-is-layout-flow\" style=\"flex-basis:33.33%\">\n<figure class=\"wp-block-image size-large\"><img loading=\"lazy\" decoding=\"async\" width=\"800\" height=\"1000\" src=\"https:\/\/www.gruene-dettelbach-schwarzach.de\/wp-content\/uploads\/2025\/11\/Michaela-800x1000.png\" alt=\"\" class=\"wp-image-1170\" srcset=\"https:\/\/www.gruene-dettelbach-schwarzach.de\/wp-content\/uploads\/2025\/11\/Michaela-800x1000.png 800w, https:\/\/www.gruene-dettelbach-schwarzach.de\/wp-content\/uploads\/2025\/11\/Michaela-400x500.png 400w, https:\/\/www.gruene-dettelbach-schwarzach.de\/wp-content\/uploads\/2025\/11\/Michaela-768x960.png 768w, https:\/\/www.gruene-dettelbach-schwarzach.de\/wp-content\/uploads\/2025\/11\/Michaela.png 1080w\" sizes=\"auto, (max-width: 800px) 100vw, 800px\" \/><\/figure>\n<\/div>\n\n\n\n<div class=\"wp-block-column is-layout-flow wp-block-column-is-layout-flow\" style=\"flex-basis:66.66%\">\n<p>Listenplatz 3<\/p>\n\n\n\n<p><strong>Michaela Dworschak<\/strong><\/p>\n\n\n\n<p>52 Jahre<br>Stadtschwarzach<\/p>\n\n\n\n<p>B\u00fcrokauffrau<\/p>\n\n\n\n<p><strong><strong>\u201eI<\/strong>ch kandidiere, weil gute Politik dort beginnt, wo man Menschen zuh\u00f6rt. Unsere Gemeinde soll ein Ort sein, an dem man gerne lebt &#8211; heute und auch zuk\u00fcnftig. Deshalb m\u00f6chte ich nachhaltige, soziale und realistische L\u00f6sungen voranzutreiben. Verantwortung zu \u00fcbernehmen bedeutet f\u00fcr mich, Zukunft aktiv zu gestalten.&#8220;<\/strong><\/p>\n<\/div>\n<\/div>\n\n\n\n<p><\/p>\n\n\n\n<div class=\"wp-block-columns is-layout-flex wp-container-core-columns-is-layout-9d6595d7 wp-block-columns-is-layout-flex\">\n<div class=\"wp-block-column is-layout-flow wp-block-column-is-layout-flow\" style=\"flex-basis:33.33%\">\n<figure class=\"wp-block-image size-large\"><img loading=\"lazy\" decoding=\"async\" width=\"800\" height=\"1000\" src=\"https:\/\/www.gruene-dettelbach-schwarzach.de\/wp-content\/uploads\/2025\/11\/Fabian-800x1000.png\" alt=\"\" class=\"wp-image-1167\" srcset=\"https:\/\/www.gruene-dettelbach-schwarzach.de\/wp-content\/uploads\/2025\/11\/Fabian-800x1000.png 800w, https:\/\/www.gruene-dettelbach-schwarzach.de\/wp-content\/uploads\/2025\/11\/Fabian-400x500.png 400w, https:\/\/www.gruene-dettelbach-schwarzach.de\/wp-content\/uploads\/2025\/11\/Fabian-768x960.png 768w, https:\/\/www.gruene-dettelbach-schwarzach.de\/wp-content\/uploads\/2025\/11\/Fabian.png 1080w\" sizes=\"auto, (max-width: 800px) 100vw, 800px\" \/><\/figure>\n<\/div>\n\n\n\n<div class=\"wp-block-column is-layout-flow wp-block-column-is-layout-flow\" style=\"flex-basis:66.66%\">\n<p>Listenplatz 4<\/p>\n\n\n\n<p><strong>Fabian Link<\/strong><\/p>\n\n\n\n<p>40 Jahre<br>Stadtschwarzach<\/p>\n\n\n\n<p>Verkehrsplaner<\/p>\n\n\n\n<p><strong><strong>\u201e<\/strong>Egal ob zu Fu\u00df, mit dem Kinderwagen, auf dem Fahrrad, im Bus oder im Auto: ich m\u00f6chte, dass alle zuverl\u00e4ssig, sicher und komfortabel ans Ziel kommen. Daher setze ich mich f\u00fcr sichere Schulwege, einen zuverl\u00e4ssigen \u00d6PNV, ausreichend Abstellm\u00f6glichkeiten f\u00fcr R\u00e4der ein. Wo sinnvoll, sollte Tempo 30 gelten.<\/strong><\/p>\n\n\n\n<p><strong>Ansonsten m\u00f6chte ich das Ehrenamt f\u00f6rdern: egal, ob in der FFW, im Sportverein, bei Jugend- oder Seniorenarbeit: Zusammenhalt und Engagement sind heute wichtiger denn je!<\/strong>&#8222;<\/p>\n<\/div>\n<\/div>\n\n\n\n<p><\/p>\n\n\n\n<div class=\"wp-block-columns is-layout-flex wp-container-core-columns-is-layout-9d6595d7 wp-block-columns-is-layout-flex\">\n<div class=\"wp-block-column is-layout-flow wp-block-column-is-layout-flow\" style=\"flex-basis:33.33%\">\n<figure class=\"wp-block-image size-large\"><img loading=\"lazy\" decoding=\"async\" width=\"800\" height=\"1000\" src=\"https:\/\/www.gruene-dettelbach-schwarzach.de\/wp-content\/uploads\/2025\/11\/Alisa-800x1000.png\" alt=\"\" class=\"wp-image-1166\" srcset=\"https:\/\/www.gruene-dettelbach-schwarzach.de\/wp-content\/uploads\/2025\/11\/Alisa-800x1000.png 800w, https:\/\/www.gruene-dettelbach-schwarzach.de\/wp-content\/uploads\/2025\/11\/Alisa-400x500.png 400w, https:\/\/www.gruene-dettelbach-schwarzach.de\/wp-content\/uploads\/2025\/11\/Alisa-768x960.png 768w, https:\/\/www.gruene-dettelbach-schwarzach.de\/wp-content\/uploads\/2025\/11\/Alisa.png 1080w\" sizes=\"auto, (max-width: 800px) 100vw, 800px\" \/><\/figure>\n<\/div>\n\n\n\n<div class=\"wp-block-column is-layout-flow wp-block-column-is-layout-flow\" style=\"flex-basis:66.66%\">\n<p>Listenplatz 5<\/p>\n\n\n\n<p><strong>Alisa Keilholz<\/strong><\/p>\n\n\n\n<p>31 Jahre <br>Stadtschwarzach<\/p>\n\n\n\n<p>Ergotherapeutin<\/p>\n\n\n\n<p><strong><strong><strong>\u201e<\/strong><\/strong>Ich bin Ur-Schwarzacherin und kandidiere, weil ich unsere Gemeinde aktiv mitgestalten m\u00f6chte und weil gute Entscheidungen entstehen, wenn man zuh\u00f6rt und Verantwortung \u00fcbernimmt.<br>Als Ergotherapeutin wei\u00df ich, wie wichtig Zuh\u00f6ren, Zusammenarbeit und praktische L\u00f6sungen sind.<br>Mir ist wichtig, dass wir regionale Strukturen st\u00e4rken, Natur und Ressourcen sch\u00fctzen und ein lebendiges, solidarisches Miteinander aller Generationen f\u00f6rdern.&#8220;<\/strong><\/p>\n<\/div>\n<\/div>\n\n\n\n<p><\/p>\n\n\n\n<div class=\"wp-block-columns is-layout-flex wp-container-core-columns-is-layout-9d6595d7 wp-block-columns-is-layout-flex\">\n<div class=\"wp-block-column is-layout-flow wp-block-column-is-layout-flow\" style=\"flex-basis:33.33%\">\n<figure class=\"wp-block-image size-large\"><img loading=\"lazy\" decoding=\"async\" width=\"800\" height=\"1000\" src=\"https:\/\/www.gruene-dettelbach-schwarzach.de\/wp-content\/uploads\/2025\/11\/Peter-800x1000.png\" alt=\"Kandidat Peter Laumer\" class=\"wp-image-1172\" srcset=\"https:\/\/www.gruene-dettelbach-schwarzach.de\/wp-content\/uploads\/2025\/11\/Peter-800x1000.png 800w, https:\/\/www.gruene-dettelbach-schwarzach.de\/wp-content\/uploads\/2025\/11\/Peter-400x500.png 400w, https:\/\/www.gruene-dettelbach-schwarzach.de\/wp-content\/uploads\/2025\/11\/Peter-768x960.png 768w, https:\/\/www.gruene-dettelbach-schwarzach.de\/wp-content\/uploads\/2025\/11\/Peter.png 1080w\" sizes=\"auto, (max-width: 800px) 100vw, 800px\" \/><\/figure>\n<\/div>\n\n\n\n<div class=\"wp-block-column is-layout-flow wp-block-column-is-layout-flow\" style=\"flex-basis:66.66%\">\n<p>Listenplatz 6<\/p>\n\n\n\n<p><strong>Peter Laumer <\/strong><\/p>\n\n\n\n<p>65 Jahre<br>M\u00fcnsterschwarzach <\/p>\n\n\n\n<p>Wirtschaftsinformatiker<\/p>\n\n\n\n<p><strong><strong><strong>\u201e<\/strong><\/strong>Schwarzach ist ein guter, ein sch\u00f6ner Ort zum Leben. Und gleichzeitig bedroht \u2013 von den Folgen der Klimaver\u00e4nderung mit Hitzerekorden und Starkregenkatastrophen, vom Strukturwandel in Gewerbe und Handel als einen der wesentlichen Treiber f\u00fcr den zunehmenden Verkehr.&nbsp;<br>Vor allem beim Thema Hochwasser bleibt das Risiko, dass bautechnische L\u00f6sungen allein nicht ausreichen. Unter dem Motto \u201aDas Wasser in der Fl\u00e4che halten\u2018 will ich mich f\u00fcr nachhaltige Konzepte wie in der \u201aAufbauenden Landwirtschaft\u2018 ebenso einsetzen, wie f\u00fcr die weit engere Zusammenarbeit mit den Oberliegergemeinden in den Einzugsgebieten der Schwarzach und des Castellbachs.<\/strong><br><strong>Gro\u00dfe Anforderungen f\u00fcr die Kommunalpolitik in Gemeinden wie unserer liegen auch in dem Zwiespalt aus anhaltendem Bedarf nach Bauland w\u00e4hrend im Altort sichtbar die Leerst\u00e4nde zunehmen. Auch hier sind neue Ideen und eine aktive, gestaltende Rolle der Gemeinde gefragt<\/strong>.&#8220;<\/p>\n<\/div>\n<\/div>\n\n\n\n<p><\/p>\n\n\n\n<div class=\"wp-block-columns is-layout-flex wp-container-core-columns-is-layout-9d6595d7 wp-block-columns-is-layout-flex\">\n<div class=\"wp-block-column is-layout-flow wp-block-column-is-layout-flow\" style=\"flex-basis:33.33%\">\n<figure class=\"wp-block-image size-large\"><img loading=\"lazy\" decoding=\"async\" width=\"800\" height=\"1029\" src=\"https:\/\/www.gruene-dettelbach-schwarzach.de\/wp-content\/uploads\/2026\/01\/Juliane-Gruen-1-800x1029.png\" alt=\"\" class=\"wp-image-1236\" srcset=\"https:\/\/www.gruene-dettelbach-schwarzach.de\/wp-content\/uploads\/2026\/01\/Juliane-Gruen-1-800x1029.png 800w, https:\/\/www.gruene-dettelbach-schwarzach.de\/wp-content\/uploads\/2026\/01\/Juliane-Gruen-1-400x514.png 400w, https:\/\/www.gruene-dettelbach-schwarzach.de\/wp-content\/uploads\/2026\/01\/Juliane-Gruen-1-768x987.png 768w, https:\/\/www.gruene-dettelbach-schwarzach.de\/wp-content\/uploads\/2026\/01\/Juliane-Gruen-1.png 896w\" sizes=\"auto, (max-width: 800px) 100vw, 800px\" \/><\/figure>\n<\/div>\n\n\n\n<div class=\"wp-block-column is-layout-flow wp-block-column-is-layout-flow\" style=\"flex-basis:66.66%\">\n<p>Listenplatz 7 <\/p>\n\n\n\n<p><strong>Juliane Schenkel<\/strong><\/p>\n\n\n\n<p>30 Jahre<br>D\u00fcllstadt<\/p>\n\n\n\n<p>Biologin<\/p>\n\n\n\n<p><strong><strong><strong><strong>\u201e<\/strong><\/strong><\/strong>Eine lebenswerte Umwelt liegt mir sehr am Herzen. Mich treibt die Frage an, wie wir Natur, Lebensqualit\u00e4t und Zusammenhalt in Zeiten von Hitzerekorden und Jahrhunderthochwassern in Einklang bringen. Mit Verantwortung und Einsatz m\u00f6chte ich dazu beitragen, unsere Gemeinde nachhaltig und zukunftsf\u00e4hig mitzugestalten.&#8220;<\/strong><\/p>\n<\/div>\n<\/div>\n\n\n\n<p><\/p>\n\n\n\n<p><\/p>\n\n\n\n<div class=\"wp-block-columns is-layout-flex wp-container-core-columns-is-layout-9d6595d7 wp-block-columns-is-layout-flex\">\n<div class=\"wp-block-column is-layout-flow wp-block-column-is-layout-flow\" style=\"flex-basis:33.33%\">\n<figure class=\"wp-block-image size-large\"><img loading=\"lazy\" decoding=\"async\" width=\"800\" height=\"1000\" src=\"https:\/\/www.gruene-dettelbach-schwarzach.de\/wp-content\/uploads\/2025\/11\/Marco-800x1000.png\" alt=\"Marco Heunisch\" class=\"wp-image-1169\" srcset=\"https:\/\/www.gruene-dettelbach-schwarzach.de\/wp-content\/uploads\/2025\/11\/Marco-800x1000.png 800w, https:\/\/www.gruene-dettelbach-schwarzach.de\/wp-content\/uploads\/2025\/11\/Marco-400x500.png 400w, https:\/\/www.gruene-dettelbach-schwarzach.de\/wp-content\/uploads\/2025\/11\/Marco-768x960.png 768w, https:\/\/www.gruene-dettelbach-schwarzach.de\/wp-content\/uploads\/2025\/11\/Marco.png 1080w\" sizes=\"auto, (max-width: 800px) 100vw, 800px\" \/><\/figure>\n<\/div>\n\n\n\n<div class=\"wp-block-column is-layout-flow wp-block-column-is-layout-flow\" style=\"flex-basis:66.66%\">\n<p>Listenplatz 8<\/p>\n\n\n\n<p><strong>Marco Heunisch<\/strong><\/p>\n\n\n\n<p>32 Jahre<br>Gerlachshausen<\/p>\n\n\n\n<p>IT Consultant <\/p>\n\n\n\n<p><strong>\u201eIch kandidiere f\u00fcr den Gemeinderat, weil ich mich mit ganzem Herzen f\u00fcr eine lebenswerte und zukunftsorientierte Gemeinde einsetzen m\u00f6chte. Besonders wichtig sind mir die Verkehrswende mit sicheren Wegen f\u00fcr alle, starke Familien und gute Bildung. Die laufenden Renovierungen von Grundschule und Gymnasium sowie der Ausbau des Kindergartens St. Felizitas zeigen, dass wir hier auf dem richtigen Weg sind.<\/strong><\/p>\n\n\n\n<p><strong>Ein weiterer Schwerpunkt ist f\u00fcr mich der Umwelt- und Hochwasserschutz. Die Hochwasser der vergangenen Jahre haben gezeigt, wie dringend wir handeln m\u00fcssen, um unsere Gemeinde zu sch\u00fctzen und unsere nat\u00fcrlichen Lebensr\u00e4ume zu bewahren.<\/strong><\/p>\n\n\n\n<p><strong>Au\u00dferdem m\u00f6chte ich den innerst\u00e4dtischen Zusammenhalt st\u00e4rken \u2013 durch Orte der Begegnung, engagierte Vereine und eine Kultur des Respekts.<\/strong><\/p>\n\n\n\n<p><strong>Ich m\u00f6chte zuh\u00f6ren, anpacken und gemeinsam mit Ihnen unsere Gemeinde als einen Ort gestalten, der W\u00e4rme, Sicherheit und Zukunft ausstrahlt.&#8220;<\/strong><\/p>\n<\/div>\n<\/div>\n","protected":false},"excerpt":{"rendered":"<p>Jede Kandidatin und jeder Kandidat steht f\u00fcr individuelle Erfahrungen, frische Ideen und das gemeinsame Ziel: ein zukunftsf\u00e4higes und lebenswertes Schwarzach. Gemeinsam \u2013 \u00fcber die Wahl hinaus \u2013 wollen wir Verantwortung [&hellip;]<\/p>\n","protected":false},"author":9,"featured_media":0,"parent":0,"menu_order":0,"comment_status":"closed","ping_status":"closed","template":"","meta":{"footnotes":""},"class_list":["post-1164","page","type-page","status-publish","hentry"],"_links":{"self":[{"href":"https:\/\/www.gruene-dettelbach-schwarzach.de\/index.php?rest_route=\/wp\/v2\/pages\/1164","targetHints":{"allow":["GET"]}}],"collection":[{"href":"https:\/\/www.gruene-dettelbach-schwarzach.de\/index.php?rest_route=\/wp\/v2\/pages"}],"about":[{"href":"https:\/\/www.gruene-dettelbach-schwarzach.de\/index.php?rest_route=\/wp\/v2\/types\/page"}],"author":[{"embeddable":true,"href":"https:\/\/www.gruene-dettelbach-schwarzach.de\/index.php?rest_route=\/wp\/v2\/users\/9"}],"replies":[{"embeddable":true,"href":"https:\/\/www.gruene-dettelbach-schwarzach.de\/index.php?rest_route=%2Fwp%2Fv2%2Fcomments&post=1164"}],"version-history":[{"count":18,"href":"https:\/\/www.gruene-dettelbach-schwarzach.de\/index.php?rest_route=\/wp\/v2\/pages\/1164\/revisions"}],"predecessor-version":[{"id":1251,"href":"https:\/\/www.gruene-dettelbach-schwarzach.de\/index.php?rest_route=\/wp\/v2\/pages\/1164\/revisions\/1251"}],"wp:attachment":[{"href":"https:\/\/www.gruene-dettelbach-schwarzach.de\/index.php?rest_route=%2Fwp%2Fv2%2Fmedia&parent=1164"}],"curies":[{"name":"wp","href":"https:\/\/api.w.org\/{rel}","templated":true}]}}